{"id":1326,"date":"2012-04-21T18:04:12","date_gmt":"2012-04-21T16:04:12","guid":{"rendered":"http:\/\/www.kirche-itzehoe.de\/isg\/?page_id=1326"},"modified":"2025-11-20T17:35:21","modified_gmt":"2025-11-20T16:35:21","slug":"archiv","status":"publish","type":"page","link":"https:\/\/www.kirche-itzehoe.de\/isg\/musik\/konzertkalender\/archiv\/","title":{"rendered":"Archiv"},"content":{"rendered":"<div class=\"em-view-container\" id=\"em-view-62023092\" data-view=\"list\">\r\n\t<div class=\"em-list em-events-list\" id=\"em-events-list-62023092\" data-view-id=\"62023092\">\r\n\t<\/p>\n<h1><a href=\"https:\/\/www.kirche-itzehoe.de\/isg\/events\/musik-zur-marktzeit-3\/\">Musik zur Marktzeit<\/a><\/h1>\n<p> Donnerstag, 23. April 2026  \/ 11:00 <br \/>\n St. Laurentii Kirche, Itzehoe<br \/>\n <p><a href=\"http:\/\/www.kirche-itzehoe.de\/isg\/wp-content\/uploads\/2019\/01\/Orgelprospekt.jpg\"><img loading=\"lazy\" decoding=\"async\" class=\"alignleft wp-image-7790\" src=\"http:\/\/www.kirche-itzehoe.de\/isg\/wp-content\/uploads\/2019\/01\/Orgelprospekt-300x200.jpg\" alt=\"\" width=\"200\" height=\"133\" srcset=\"https:\/\/www.kirche-itzehoe.de\/isg\/wp-content\/uploads\/2019\/01\/Orgelprospekt-300x200.jpg 300w, https:\/\/www.kirche-itzehoe.de\/isg\/wp-content\/uploads\/2019\/01\/Orgelprospekt-768x512.jpg 768w, https:\/\/www.kirche-itzehoe.de\/isg\/wp-content\/uploads\/2019\/01\/Orgelprospekt-1024x683.jpg 1024w, https:\/\/www.kirche-itzehoe.de\/isg\/wp-content\/uploads\/2019\/01\/Orgelprospekt.jpg 1200w\" sizes=\"auto, (max-width: 200px) 100vw, 200px\" \/><\/a>25 Minuten Atempause f\u00fcr die Seele<\/p>\n<p>Jeden Donnerstag um 11 Uhr<br \/>\nvon April bis September<br \/>\nin der St. Laurentii-Kirche.<\/p>\n<p>Herzliche Einladung zu Orgelmusik und guten Worten<\/p>\n<br \/>\n <\/p>\n<hr class=\"veranstaltung\"\/>\n<\/p>\n<h1><a href=\"https:\/\/www.kirche-itzehoe.de\/isg\/events\/sinfoniekonzert\/\">Sinfoniekonzert<\/a><\/h1>\n<p> Sonntag, 19. April 2026  \/ 17:00 <br \/>\n St. Laurentii Kirche, Itzehoe<br \/>\n <p><span style=\"font-family: Cambria, serif;\"><span style=\"font-size: medium;\"><a href=\"http:\/\/www.kirche-itzehoe.de\/isg\/wp-content\/uploads\/2020\/01\/orchester91-2024-crop.jpg\"><img loading=\"lazy\" decoding=\"async\" class=\"alignright wp-image-14086\" src=\"http:\/\/www.kirche-itzehoe.de\/isg\/wp-content\/uploads\/2020\/01\/orchester91-2024-crop-300x129.jpg\" alt=\"\" width=\"310\" height=\"133\" srcset=\"https:\/\/www.kirche-itzehoe.de\/isg\/wp-content\/uploads\/2020\/01\/orchester91-2024-crop-300x129.jpg 300w, https:\/\/www.kirche-itzehoe.de\/isg\/wp-content\/uploads\/2020\/01\/orchester91-2024-crop-1024x439.jpg 1024w, https:\/\/www.kirche-itzehoe.de\/isg\/wp-content\/uploads\/2020\/01\/orchester91-2024-crop-768x329.jpg 768w, https:\/\/www.kirche-itzehoe.de\/isg\/wp-content\/uploads\/2020\/01\/orchester91-2024-crop-1536x658.jpg 1536w, https:\/\/www.kirche-itzehoe.de\/isg\/wp-content\/uploads\/2020\/01\/orchester91-2024-crop.jpg 1920w\" sizes=\"auto, (max-width: 310px) 100vw, 310px\" \/><\/a><\/span><\/span>Sinfoniekonzert mit dem<br \/>\nHamburger Orchester &#8217;91<\/p>\n<p>Carl Maria von Weber: Freisch\u00fctz-Ouvert\u00fcre<br \/>\nRichard Strauss: Hornkonzert Nr. 1<br \/>\nAnton Bruckner: Sinfonie Nr. 9<\/p>\n<p>Jan Polle, Horn<br \/>\nDirigent: Korbinian Krol<br \/>\nEintritt: 15 \u20ac, Karten an der Abendkasse<\/p>\n<br \/>\n <\/p>\n<hr class=\"veranstaltung\"\/>\n<\/p>\n<h1><a href=\"https:\/\/www.kirche-itzehoe.de\/isg\/events\/musik-zur-marktzeit-2\/\">Musik zur Marktzeit<\/a><\/h1>\n<p> Donnerstag, 16. April 2026  \/ 11:00 <br \/>\n St. Laurentii Kirche, Itzehoe<br \/>\n <p><a href=\"http:\/\/www.kirche-itzehoe.de\/isg\/wp-content\/uploads\/2019\/01\/Orgelprospekt.jpg\"><img loading=\"lazy\" decoding=\"async\" class=\"alignleft  wp-image-7790\" src=\"http:\/\/www.kirche-itzehoe.de\/isg\/wp-content\/uploads\/2019\/01\/Orgelprospekt-300x200.jpg\" alt=\"\" width=\"200\" height=\"133\" srcset=\"https:\/\/www.kirche-itzehoe.de\/isg\/wp-content\/uploads\/2019\/01\/Orgelprospekt-300x200.jpg 300w, https:\/\/www.kirche-itzehoe.de\/isg\/wp-content\/uploads\/2019\/01\/Orgelprospekt-768x512.jpg 768w, https:\/\/www.kirche-itzehoe.de\/isg\/wp-content\/uploads\/2019\/01\/Orgelprospekt-1024x683.jpg 1024w, https:\/\/www.kirche-itzehoe.de\/isg\/wp-content\/uploads\/2019\/01\/Orgelprospekt.jpg 1200w\" sizes=\"auto, (max-width: 200px) 100vw, 200px\" \/><\/a>25 Minuten Atempause f\u00fcr die Seele<\/p>\n<p>Jeden Donnerstag um 11 Uhr<br \/>\nvon April bis September<br \/>\nin der St. Laurentii-Kirche.<\/p>\n<p>Herzliche Einladung zu Orgelmusik und guten Worten<\/p>\n<br \/>\n <\/p>\n<hr class=\"veranstaltung\"\/>\n<\/p>\n<h1><a href=\"https:\/\/www.kirche-itzehoe.de\/isg\/events\/musik-zur-marktzeit\/\">Musik zur Marktzeit<\/a><\/h1>\n<p> Donnerstag, 9. April 2026  \/ 11:00 <br \/>\n St. Laurentii Kirche, Itzehoe<br \/>\n <p><strong><a href=\"http:\/\/www.kirche-itzehoe.de\/isg\/wp-content\/uploads\/2019\/01\/Orgelprospekt.jpg\"><img loading=\"lazy\" decoding=\"async\" class=\"alignleft wp-image-7790\" src=\"http:\/\/www.kirche-itzehoe.de\/isg\/wp-content\/uploads\/2019\/01\/Orgelprospekt-300x200.jpg\" alt=\"\" width=\"200\" height=\"133\" srcset=\"https:\/\/www.kirche-itzehoe.de\/isg\/wp-content\/uploads\/2019\/01\/Orgelprospekt-300x200.jpg 300w, https:\/\/www.kirche-itzehoe.de\/isg\/wp-content\/uploads\/2019\/01\/Orgelprospekt-768x512.jpg 768w, https:\/\/www.kirche-itzehoe.de\/isg\/wp-content\/uploads\/2019\/01\/Orgelprospekt-1024x683.jpg 1024w, https:\/\/www.kirche-itzehoe.de\/isg\/wp-content\/uploads\/2019\/01\/Orgelprospekt.jpg 1200w\" sizes=\"auto, (max-width: 200px) 100vw, 200px\" \/><\/a><\/strong>25 Minuten Atempause f\u00fcr die Seele<\/p>\n<p>Jeden Donnerstag um 11 Uhr<br \/>\nvon April bis September<br \/>\nin der St. Laurentii-Kirche.<\/p>\n<p>Herzliche Einladung zu Orgelmusik und guten Worten<\/p>\n<br \/>\n <\/p>\n<hr class=\"veranstaltung\"\/>\n<\/p>\n<h1><a href=\"https:\/\/www.kirche-itzehoe.de\/isg\/events\/musik-und-wort-zur-passion-6\/\">Musik und Wort zur Passion<\/a><\/h1>\n<p> Donnerstag, 26. M\u00e4rz 2026  \/ 18:00 <br \/>\n St. Laurentii Kirche, Itzehoe<br \/>\n <p><a href=\"http:\/\/www.kirche-itzehoe.de\/isg\/wp-content\/uploads\/2020\/04\/LWE_0051-1406x1440-1.jpg\"><img loading=\"lazy\" decoding=\"async\" class=\"alignleft wp-image-9095\" src=\"http:\/\/www.kirche-itzehoe.de\/isg\/wp-content\/uploads\/2020\/04\/LWE_0051-1406x1440-1-293x300.jpg\" alt=\"\" width=\"160\" height=\"163\" srcset=\"https:\/\/www.kirche-itzehoe.de\/isg\/wp-content\/uploads\/2020\/04\/LWE_0051-1406x1440-1-293x300.jpg 293w, https:\/\/www.kirche-itzehoe.de\/isg\/wp-content\/uploads\/2020\/04\/LWE_0051-1406x1440-1-1000x1024.jpg 1000w, https:\/\/www.kirche-itzehoe.de\/isg\/wp-content\/uploads\/2020\/04\/LWE_0051-1406x1440-1-768x787.jpg 768w, https:\/\/www.kirche-itzehoe.de\/isg\/wp-content\/uploads\/2020\/04\/LWE_0051-1406x1440-1.jpg 1406w\" sizes=\"auto, (max-width: 160px) 100vw, 160px\" \/><\/a>Musik und Wort zur Passion &#8211; &#8222;An seiner Seite&#8220;:<\/p>\n<p class=\"cvGsUA direction-ltr align-end para-style-body\"><span class=\"a_GcMg font-feature-liga-off font-feature-clig-off font-feature-calt-off text-decoration-none text-strikethrough-none\">DIE FRAUEN UNTER DEM KREUZ<\/span><\/p>\n<p class=\"cvGsUA direction-ltr align-end para-style-body\"><span class=\"a_GcMg font-feature-liga-off font-feature-clig-off font-feature-calt-off text-decoration-none text-strikethrough-none\">Musik von Georg Friedrich H\u00e4ndel<\/span><\/p>\n<p class=\"cvGsUA direction-ltr align-end para-style-body\"><span class=\"a_GcMg font-feature-liga-off font-feature-clig-off font-feature-calt-off text-decoration-none text-strikethrough-none\">Kirstin Heiden, Blockfl\u00f6te &#8211; D. Landmesser, Orgel<\/span><\/p>\n<p class=\"cvGsUA direction-ltr align-end para-style-body\"><span class=\"a_GcMg font-feature-liga-off font-feature-clig-off font-feature-calt-off text-decoration-none text-strikethrough-none\">Pastorin Dr. Wiebke B\u00e4hnk<\/span><\/p>\n<p class=\"cvGsUA direction-ltr align-end para-style-body\">\n<br \/>\n <\/p>\n<hr class=\"veranstaltung\"\/>\n<\/p>\n<h1><a href=\"https:\/\/www.kirche-itzehoe.de\/isg\/events\/antonin-dvorak-stabat-mater\/\">Antonin Dvorak: Stabat Mater<\/a><\/h1>\n<p> Sonntag, 22. M\u00e4rz 2026  \/ 18:00 <br \/>\n St. Laurentii Kirche, Itzehoe<br \/>\n <p><a href=\"http:\/\/www.kirche-itzehoe.de\/isg\/wp-content\/uploads\/2017\/10\/IMG_1479-001-beschnitten-scaled.jpg\"><img loading=\"lazy\" decoding=\"async\" class=\"alignleft size-medium wp-image-14447\" src=\"http:\/\/www.kirche-itzehoe.de\/isg\/wp-content\/uploads\/2017\/10\/IMG_1479-001-beschnitten-300x142.jpg\" alt=\"\" width=\"300\" height=\"142\" srcset=\"https:\/\/www.kirche-itzehoe.de\/isg\/wp-content\/uploads\/2017\/10\/IMG_1479-001-beschnitten-300x142.jpg 300w, https:\/\/www.kirche-itzehoe.de\/isg\/wp-content\/uploads\/2017\/10\/IMG_1479-001-beschnitten-1024x486.jpg 1024w, https:\/\/www.kirche-itzehoe.de\/isg\/wp-content\/uploads\/2017\/10\/IMG_1479-001-beschnitten-768x364.jpg 768w, https:\/\/www.kirche-itzehoe.de\/isg\/wp-content\/uploads\/2017\/10\/IMG_1479-001-beschnitten-1536x729.jpg 1536w, https:\/\/www.kirche-itzehoe.de\/isg\/wp-content\/uploads\/2017\/10\/IMG_1479-001-beschnitten-2048x971.jpg 2048w\" sizes=\"auto, (max-width: 300px) 100vw, 300px\" \/><\/a>Hanna Zumsande, Sopran<br \/>\nIsabell Czarnecki, Alt<br \/>\nTimo R\u00f6\u00dfner, Tenor<br \/>\nJ\u00f3hann Kristinsson, Bass<\/p>\n<p>Hamburger Camerata<br \/>\nChor St. Laurentii<br \/>\nLeitung: D\u00f6rthe Landmesser<\/p>\n<p>Eintritt: 22 \u20ac und 18 \u20ac (I. + II. Kategorie), Sch\u00fcler Eintritt frei. Karten unter <a href=\"https:\/\/www.eventim-light.com\/de\/a\/63fb77cf9cbd7a7e056ccb01\">eventim-light<\/a> (zzgl. Vorverkaufsgeb\u00fchr), im Vorverkauf (Kirchenb\u00fcro) sowie an der Abendkasse.<\/p>\n<br \/>\n <\/p>\n<hr class=\"veranstaltung\"\/>\n<\/p>\n<h1><a href=\"https:\/\/www.kirche-itzehoe.de\/isg\/events\/musik-und-wort-zur-passion-5\/\">Musik und Wort zur Passion<\/a><\/h1>\n<p> Donnerstag, 19. M\u00e4rz 2026  \/ 18:00 <br \/>\n St. Laurentii Kirche, Itzehoe<br \/>\n <p><a href=\"http:\/\/www.kirche-itzehoe.de\/isg\/wp-content\/uploads\/2020\/04\/LWE_0051-1406x1440-1.jpg\"><img loading=\"lazy\" decoding=\"async\" class=\"alignleft wp-image-9095\" src=\"http:\/\/www.kirche-itzehoe.de\/isg\/wp-content\/uploads\/2020\/04\/LWE_0051-1406x1440-1-293x300.jpg\" alt=\"\" width=\"160\" height=\"163\" srcset=\"https:\/\/www.kirche-itzehoe.de\/isg\/wp-content\/uploads\/2020\/04\/LWE_0051-1406x1440-1-293x300.jpg 293w, https:\/\/www.kirche-itzehoe.de\/isg\/wp-content\/uploads\/2020\/04\/LWE_0051-1406x1440-1-1000x1024.jpg 1000w, https:\/\/www.kirche-itzehoe.de\/isg\/wp-content\/uploads\/2020\/04\/LWE_0051-1406x1440-1-768x787.jpg 768w, https:\/\/www.kirche-itzehoe.de\/isg\/wp-content\/uploads\/2020\/04\/LWE_0051-1406x1440-1.jpg 1406w\" sizes=\"auto, (max-width: 160px) 100vw, 160px\" \/><\/a>Musik und Wort zur Passion &#8211; &#8222;An seiner Seite&#8220;:<\/p>\n<p class=\"cvGsUA direction-ltr align-end para-style-body\"><span class=\"a_GcMg font-feature-liga-off font-feature-clig-off font-feature-calt-off text-decoration-none text-strikethrough-none\">DER HAUPTMANN<\/span><\/p>\n<p class=\"cvGsUA direction-ltr align-end para-style-body\"><span class=\"a_GcMg font-feature-liga-off font-feature-clig-off font-feature-calt-off text-decoration-none text-strikethrough-none\">Musik von John Dowland und William Byrd<\/span><\/p>\n<p class=\"cvGsUA direction-ltr align-end para-style-body\"><span class=\"a_GcMg font-feature-liga-off font-feature-clig-off font-feature-calt-off text-decoration-none text-strikethrough-none\">Itzehoer Blockfl\u00f6tenensemble<\/span><\/p>\n<p class=\"cvGsUA direction-ltr align-end para-style-body\"><span class=\"a_GcMg font-feature-liga-off font-feature-clig-off font-feature-calt-off text-decoration-none text-strikethrough-none\">Pastor Matthijs van Zwieten de Blom<\/span><\/p>\n<p class=\"cvGsUA direction-ltr align-end para-style-body\">\n<br \/>\n <\/p>\n<hr class=\"veranstaltung\"\/>\n<\/p>\n<h1><a href=\"https:\/\/www.kirche-itzehoe.de\/isg\/events\/the-young-revoulution-musicalgottesdienst\/\">The Young Revolution - Musicalgottesdienst<\/a><\/h1>\n<p> Samstag, 14. M\u00e4rz 2026  <br \/>\n St. Ansgar Kirche, Itzehoe<br \/>\n <p><a href=\"http:\/\/www.kirche-itzehoe.de\/isg\/wp-content\/uploads\/2026\/02\/Young-Revolution.jpeg\"><img loading=\"lazy\" decoding=\"async\" class=\"size-medium wp-image-15545 alignleft\" src=\"http:\/\/www.kirche-itzehoe.de\/isg\/wp-content\/uploads\/2026\/02\/Young-Revolution-300x187.jpeg\" alt=\"\" width=\"300\" height=\"187\" srcset=\"https:\/\/www.kirche-itzehoe.de\/isg\/wp-content\/uploads\/2026\/02\/Young-Revolution-300x187.jpeg 300w, https:\/\/www.kirche-itzehoe.de\/isg\/wp-content\/uploads\/2026\/02\/Young-Revolution-1024x639.jpeg 1024w, https:\/\/www.kirche-itzehoe.de\/isg\/wp-content\/uploads\/2026\/02\/Young-Revolution-768x479.jpeg 768w, https:\/\/www.kirche-itzehoe.de\/isg\/wp-content\/uploads\/2026\/02\/Young-Revolution.jpeg 1080w\" sizes=\"auto, (max-width: 300px) 100vw, 300px\" \/><\/a><\/p>\n<p>&nbsp;<\/p>\n<p>&nbsp;<\/p>\n<p>&nbsp;<\/p>\n<p>&nbsp;<\/p>\n<p>&nbsp;<\/p>\n<p>&nbsp;<\/p>\n<br \/>\n <\/p>\n<hr class=\"veranstaltung\"\/>\n<\/p>\n<h1><a href=\"https:\/\/www.kirche-itzehoe.de\/isg\/events\/musik-und-wort-zur-passion-4\/\">Musik und Wort zur Passion<\/a><\/h1>\n<p> Donnerstag, 12. M\u00e4rz 2026  \/ 18:00 <br \/>\n St. Laurentii Kirche, Itzehoe<br \/>\n <p><a href=\"http:\/\/www.kirche-itzehoe.de\/isg\/wp-content\/uploads\/2020\/04\/LWE_0051-1406x1440-1.jpg\"><img loading=\"lazy\" decoding=\"async\" class=\"alignleft wp-image-9095\" src=\"http:\/\/www.kirche-itzehoe.de\/isg\/wp-content\/uploads\/2020\/04\/LWE_0051-1406x1440-1-293x300.jpg\" alt=\"\" width=\"160\" height=\"163\" srcset=\"https:\/\/www.kirche-itzehoe.de\/isg\/wp-content\/uploads\/2020\/04\/LWE_0051-1406x1440-1-293x300.jpg 293w, https:\/\/www.kirche-itzehoe.de\/isg\/wp-content\/uploads\/2020\/04\/LWE_0051-1406x1440-1-1000x1024.jpg 1000w, https:\/\/www.kirche-itzehoe.de\/isg\/wp-content\/uploads\/2020\/04\/LWE_0051-1406x1440-1-768x787.jpg 768w, https:\/\/www.kirche-itzehoe.de\/isg\/wp-content\/uploads\/2020\/04\/LWE_0051-1406x1440-1.jpg 1406w\" sizes=\"auto, (max-width: 160px) 100vw, 160px\" \/><\/a>Musik und Wort zur Passion &#8211; &#8222;An seiner Seite&#8220;:<\/p>\n<p class=\"cvGsUA direction-ltr align-end para-style-body\"><span class=\"a_GcMg font-feature-liga-off font-feature-clig-off font-feature-calt-off text-decoration-none text-strikethrough-none\">SIMON VON KYRENE<\/span><\/p>\n<p class=\"cvGsUA direction-ltr align-end para-style-body\"><span class=\"a_GcMg font-feature-liga-off font-feature-clig-off font-feature-calt-off text-decoration-none text-strikethrough-none\">Musik von Robert Schumann<\/span><\/p>\n<p class=\"cvGsUA direction-ltr align-end para-style-body\"><span class=\"a_GcMg font-feature-liga-off font-feature-clig-off font-feature-calt-off text-decoration-none text-strikethrough-none\">D\u00f6rthe Landmesser, Klavier<\/span><\/p>\n<p class=\"cvGsUA direction-ltr align-end para-style-body\"><span class=\"a_GcMg font-feature-liga-off font-feature-clig-off font-feature-calt-off text-decoration-none text-strikethrough-none\">Pastor Matthijs van Zwieten de Blom<\/span><\/p>\n<p class=\"cvGsUA direction-ltr align-end para-style-body\">\n<br \/>\n <\/p>\n<hr class=\"veranstaltung\"\/>\n<\/p>\n<h1><a href=\"https:\/\/www.kirche-itzehoe.de\/isg\/events\/konzert-des-posaunenchors\/\">Konzert des Posaunenchors<\/a><\/h1>\n<p> Sonntag, 8. M\u00e4rz 2026  \/ 17:00 <br \/>\n St. Laurentii Kirche, Itzehoe<br \/>\n <p><a href=\"http:\/\/www.kirche-itzehoe.de\/isg\/wp-content\/uploads\/2020\/01\/PHOTO-2023-10-29-21-19-19.jpg\"><img loading=\"lazy\" decoding=\"async\" class=\"wp-image-13674 alignright\" src=\"http:\/\/www.kirche-itzehoe.de\/isg\/wp-content\/uploads\/2020\/01\/PHOTO-2023-10-29-21-19-19-300x225.jpg\" alt=\"\" width=\"251\" height=\"188\" srcset=\"https:\/\/www.kirche-itzehoe.de\/isg\/wp-content\/uploads\/2020\/01\/PHOTO-2023-10-29-21-19-19-300x225.jpg 300w, https:\/\/www.kirche-itzehoe.de\/isg\/wp-content\/uploads\/2020\/01\/PHOTO-2023-10-29-21-19-19-1024x768.jpg 1024w, https:\/\/www.kirche-itzehoe.de\/isg\/wp-content\/uploads\/2020\/01\/PHOTO-2023-10-29-21-19-19-768x576.jpg 768w, https:\/\/www.kirche-itzehoe.de\/isg\/wp-content\/uploads\/2020\/01\/PHOTO-2023-10-29-21-19-19-1536x1152.jpg 1536w, https:\/\/www.kirche-itzehoe.de\/isg\/wp-content\/uploads\/2020\/01\/PHOTO-2023-10-29-21-19-19.jpg 2048w\" sizes=\"auto, (max-width: 251px) 100vw, 251px\" \/><\/a>Der Posaunenchor der Innenstadtgemeinde l\u00e4dt ein zum Bl\u00e4serkonzert: Festlich, romantisch, schwungvoll und spritzig!<\/p>\n<p>Posaunenchor der ISG<br \/>\nMalenka Patyk, Violoncello<br \/>\nD\u00f6rthe Landmesser, Orgel und Leitung<\/p>\n<p>Eintritt frei &#8211;<br \/>\nSpenden zugunsten der Bl\u00e4serarbeit erbeten<\/p>\n<br \/>\n <\/p>\n<hr class=\"veranstaltung\"\/>\n<\/p>\n<h1><a href=\"https:\/\/www.kirche-itzehoe.de\/isg\/events\/musik-und-wort-zur-passion-3\/\">Musik und Wort zur Passion<\/a><\/h1>\n<p> Donnerstag, 5. M\u00e4rz 2026  \/ 18:00 <br \/>\n St. Laurentii Kirche, Itzehoe<br \/>\n <p><a href=\"http:\/\/www.kirche-itzehoe.de\/isg\/wp-content\/uploads\/2020\/04\/LWE_0051-1406x1440-1.jpg\"><img loading=\"lazy\" decoding=\"async\" class=\"alignleft wp-image-9095\" src=\"http:\/\/www.kirche-itzehoe.de\/isg\/wp-content\/uploads\/2020\/04\/LWE_0051-1406x1440-1-293x300.jpg\" alt=\"\" width=\"160\" height=\"163\" srcset=\"https:\/\/www.kirche-itzehoe.de\/isg\/wp-content\/uploads\/2020\/04\/LWE_0051-1406x1440-1-293x300.jpg 293w, https:\/\/www.kirche-itzehoe.de\/isg\/wp-content\/uploads\/2020\/04\/LWE_0051-1406x1440-1-1000x1024.jpg 1000w, https:\/\/www.kirche-itzehoe.de\/isg\/wp-content\/uploads\/2020\/04\/LWE_0051-1406x1440-1-768x787.jpg 768w, https:\/\/www.kirche-itzehoe.de\/isg\/wp-content\/uploads\/2020\/04\/LWE_0051-1406x1440-1.jpg 1406w\" sizes=\"auto, (max-width: 160px) 100vw, 160px\" \/><\/a>Musik und Wort zur Passion &#8211; &#8222;An seiner Seite&#8220;:<\/p>\n<p class=\"cvGsUA direction-ltr align-end para-style-body\"><span class=\"a_GcMg font-feature-liga-off font-feature-clig-off font-feature-calt-off text-decoration-none text-strikethrough-none\">PETRUS<\/span><\/p>\n<p class=\"cvGsUA direction-ltr align-end para-style-body\"><span class=\"a_GcMg font-feature-liga-off font-feature-clig-off font-feature-calt-off text-decoration-none text-strikethrough-none\">Musik von Edward Grieg<\/span><\/p>\n<p class=\"cvGsUA direction-ltr align-end para-style-body\"><span class=\"a_GcMg font-feature-liga-off font-feature-clig-off font-feature-calt-off text-decoration-none text-strikethrough-none\">D\u00f6rthe Landmesser, Klavier<\/span><\/p>\n<p class=\"cvGsUA direction-ltr align-end para-style-body\"><span class=\"a_GcMg font-feature-liga-off font-feature-clig-off font-feature-calt-off text-decoration-none text-strikethrough-none\">Pastorin Dr. Wiebke B\u00e4hnk<\/span><\/p>\n<p class=\"cvGsUA direction-ltr align-end para-style-body\">\n<br \/>\n <\/p>\n<hr class=\"veranstaltung\"\/>\n<\/p>\n<h1><a href=\"https:\/\/www.kirche-itzehoe.de\/isg\/events\/musik-und-wort-zur-passion-2\/\">Musik und Wort zur Passion<\/a><\/h1>\n<p> Donnerstag, 26. Februar 2026  \/ 18:00 <br \/>\n St. Laurentii Kirche, Itzehoe<br \/>\n <p><a href=\"http:\/\/www.kirche-itzehoe.de\/isg\/wp-content\/uploads\/2020\/04\/LWE_0051-1406x1440-1.jpg\"><img loading=\"lazy\" decoding=\"async\" class=\"alignleft  wp-image-9095\" src=\"http:\/\/www.kirche-itzehoe.de\/isg\/wp-content\/uploads\/2020\/04\/LWE_0051-1406x1440-1-293x300.jpg\" alt=\"\" width=\"160\" height=\"164\" srcset=\"https:\/\/www.kirche-itzehoe.de\/isg\/wp-content\/uploads\/2020\/04\/LWE_0051-1406x1440-1-293x300.jpg 293w, https:\/\/www.kirche-itzehoe.de\/isg\/wp-content\/uploads\/2020\/04\/LWE_0051-1406x1440-1-1000x1024.jpg 1000w, https:\/\/www.kirche-itzehoe.de\/isg\/wp-content\/uploads\/2020\/04\/LWE_0051-1406x1440-1-768x787.jpg 768w, https:\/\/www.kirche-itzehoe.de\/isg\/wp-content\/uploads\/2020\/04\/LWE_0051-1406x1440-1.jpg 1406w\" sizes=\"auto, (max-width: 160px) 100vw, 160px\" \/><\/a>Musik und Wort zur Passion &#8211; &#8222;An seiner Seite&#8220;:<\/p>\n<p class=\"cvGsUA direction-ltr align-end para-style-body\"><span class=\"a_GcMg font-feature-liga-off font-feature-clig-off font-feature-calt-off text-decoration-none text-strikethrough-none\">JUDAS<\/span><\/p>\n<p class=\"cvGsUA direction-ltr align-end para-style-body\"><span class=\"a_GcMg font-feature-liga-off font-feature-clig-off font-feature-calt-off text-decoration-none text-strikethrough-none\">Musik von Antonin Dvorak und Peter Tschaikowksy<\/span><\/p>\n<p class=\"cvGsUA direction-ltr align-end para-style-body\"><span class=\"a_GcMg font-feature-liga-off font-feature-clig-off font-feature-calt-off text-decoration-none text-strikethrough-none\">Wolfgang Turkat, Violine &#8211; D\u00f6rthe Landmesser, Klavier<\/span><\/p>\n<p class=\"cvGsUA direction-ltr align-end para-style-body\"><span class=\"a_GcMg font-feature-liga-off font-feature-clig-off font-feature-calt-off text-decoration-none text-strikethrough-none\">Pastorin Dr. Wiebke B\u00e4hnk<\/span><\/p>\n<br \/>\n <\/p>\n<hr class=\"veranstaltung\"\/>\n<\/p>\n<h1><a href=\"https:\/\/www.kirche-itzehoe.de\/isg\/events\/musik-und-wort-zur-passion\/\">Musik und Wort zur Passion<\/a><\/h1>\n<p> Donnerstag, 19. Februar 2026  \/ 18:00 <br \/>\n St. Laurentii Kirche, Itzehoe<br \/>\n <p><a href=\"http:\/\/www.kirche-itzehoe.de\/isg\/wp-content\/uploads\/2020\/04\/LWE_0051-1406x1440-1.jpg\"><img loading=\"lazy\" decoding=\"async\" class=\"alignleft wp-image-9095\" src=\"http:\/\/www.kirche-itzehoe.de\/isg\/wp-content\/uploads\/2020\/04\/LWE_0051-1406x1440-1-293x300.jpg\" alt=\"\" width=\"160\" height=\"163\" srcset=\"https:\/\/www.kirche-itzehoe.de\/isg\/wp-content\/uploads\/2020\/04\/LWE_0051-1406x1440-1-293x300.jpg 293w, https:\/\/www.kirche-itzehoe.de\/isg\/wp-content\/uploads\/2020\/04\/LWE_0051-1406x1440-1-1000x1024.jpg 1000w, https:\/\/www.kirche-itzehoe.de\/isg\/wp-content\/uploads\/2020\/04\/LWE_0051-1406x1440-1-768x787.jpg 768w, https:\/\/www.kirche-itzehoe.de\/isg\/wp-content\/uploads\/2020\/04\/LWE_0051-1406x1440-1.jpg 1406w\" sizes=\"auto, (max-width: 160px) 100vw, 160px\" \/><\/a>Musik und Wort zur Passion &#8211; &#8222;An seiner Seite&#8220;:<\/p>\n<p class=\"cvGsUA direction-ltr align-end para-style-body\"><span class=\"a_GcMg font-feature-liga-off font-feature-clig-off font-feature-calt-off text-decoration-none text-strikethrough-none\">DIE SALBENDE FRAU<\/span><\/p>\n<p class=\"cvGsUA direction-ltr align-end para-style-body\"><span class=\"a_GcMg font-feature-liga-off font-feature-clig-off font-feature-calt-off text-decoration-none text-strikethrough-none\">Musik von Johann Sebastian Bach<\/span><\/p>\n<p class=\"cvGsUA direction-ltr align-end para-style-body\"><span class=\"a_GcMg font-feature-liga-off font-feature-clig-off font-feature-calt-off text-decoration-none text-strikethrough-none\">D\u00f6rthe Landmesser, Klavier<\/span><\/p>\n<p class=\"cvGsUA direction-ltr align-end para-style-body\"><span class=\"a_GcMg font-feature-liga-off font-feature-clig-off font-feature-calt-off text-decoration-none text-strikethrough-none\">Pastor Matthijs van Zwieten de Blom<\/span><\/p>\n<br \/>\n <\/p>\n<hr class=\"veranstaltung\"\/>\n<\/p>\n<h1><a href=\"https:\/\/www.kirche-itzehoe.de\/isg\/events\/musikalischer-gottesdienst-mit-bachkantate\/\">Musikalischer Gottesdienst mit Bachkantate<\/a><\/h1>\n<p> Sonntag, 25. Januar 2026  \/ 10:00 <br \/>\n St. Laurentii Kirche, Itzehoe<br \/>\n <p><a href=\"http:\/\/www.kirche-itzehoe.de\/isg\/wp-content\/uploads\/2012\/01\/200px-Bachsiegel.svg_.png\"><img loading=\"lazy\" decoding=\"async\" class=\"alignleft  wp-image-313\" src=\"http:\/\/www.kirche-itzehoe.de\/isg\/wp-content\/uploads\/2012\/01\/200px-Bachsiegel.svg_.png\" alt=\"\" width=\"119\" height=\"159\" \/><\/a>Festlicher Gottesdienst mit der Bachkantate BWV 107,<br \/>\n\u201cWas willst du dich betr\u00fcben&#8220;<\/p>\n<p>Sonja Adam, Sopran &#8211; Timo R\u00f6\u00dfner, Tenor &#8211; D\u00e1vid Csizm\u00e1r, Bass<\/p>\n<p>Chor und Orchester der <a href=\"http:\/\/www.kirche-itzehoe.de\/isg\/musik\/bachkantatenwerkstatt\/\">Bachkantatenwerkstatt 2026<\/a><\/p>\n<p>Leitung: D\u00f6rthe Landmesser<br \/>\nPredigt: Pastor Matthijs van Zwieten de Blom<\/p>\n<p>&nbsp;<\/p>\n<br \/>\n <\/p>\n<hr class=\"veranstaltung\"\/>\n<\/p>\n<h1><a href=\"https:\/\/www.kirche-itzehoe.de\/isg\/events\/neujahrskonzert-mit-elbtonal-percussion\/\">Neujahrskonzert mit Elbtonal Percussion<\/a><\/h1>\n<p> Sonntag, 11. Januar 2026  \/ 17:00 <br \/>\n St. Laurentii Kirche, Itzehoe<br \/>\n <p><!-- wp:paragraph --><\/p>\n<p><a href=\"http:\/\/www.kirche-itzehoe.de\/isg\/wp-content\/uploads\/2025\/09\/Elbtonal-Percussion-1-copyright_Seven-Haberland-scaled.jpg\"><img loading=\"lazy\" decoding=\"async\" class=\"alignright  wp-image-15127\" src=\"http:\/\/www.kirche-itzehoe.de\/isg\/wp-content\/uploads\/2025\/09\/Elbtonal-Percussion-1-copyright_Seven-Haberland-225x300.jpg\" alt=\"\" width=\"173\" height=\"231\" srcset=\"https:\/\/www.kirche-itzehoe.de\/isg\/wp-content\/uploads\/2025\/09\/Elbtonal-Percussion-1-copyright_Seven-Haberland-225x300.jpg 225w, https:\/\/www.kirche-itzehoe.de\/isg\/wp-content\/uploads\/2025\/09\/Elbtonal-Percussion-1-copyright_Seven-Haberland-768x1024.jpg 768w, https:\/\/www.kirche-itzehoe.de\/isg\/wp-content\/uploads\/2025\/09\/Elbtonal-Percussion-1-copyright_Seven-Haberland-1152x1536.jpg 1152w, https:\/\/www.kirche-itzehoe.de\/isg\/wp-content\/uploads\/2025\/09\/Elbtonal-Percussion-1-copyright_Seven-Haberland-1536x2048.jpg 1536w, https:\/\/www.kirche-itzehoe.de\/isg\/wp-content\/uploads\/2025\/09\/Elbtonal-Percussion-1-copyright_Seven-Haberland-scaled.jpg 1920w\" sizes=\"auto, (max-width: 173px) 100vw, 173px\" \/><\/a>&#8222;ATMOS&#8220; hei\u00dft das Programm, mit dem das herausragende Hamburger Ensemble zum Neujahrskonzert einl\u00e4dt. Wie kaum eine andere Formation beherrschen die vier virtuosen Schlagwerker aus Hamburg den \u201ekreativen Crossover\u201c aus Klassik, Jazz und Weltmusik. Mit einer Prise Live-Electronic, einem LKW voller Trommeln, Marimba- und Vibraphone, Taiko-Drums, Gongs und einer Sammlung zweckentfremdeter Alltagsgegenst\u00e4nde ist der, f\u00fcr das Quartett typische \u201aHamburg Sound of Percussion\u2019 perfekt.<\/p>\n<p>mit Jan-Frederick Behrend, Francisco Manuel Anguas Rodriguez, Stephan Krause und S\u00f6nke Schreiber<\/p>\n<p>Eintritt: 16 \u20ac, freie Platzwahl, Sch\u00fcler Eintritt frei. Karten unter <a href=\"https:\/\/www.eventim-light.com\/de\/a\/63fb77cf9cbd7a7e056ccb01\">eventim-light<\/a> (zzgl. Vorverkaufsgeb\u00fchr) sowie an der Abendkasse<\/p>\n<p><!-- \/wp:paragraph --><\/p>\n<p><!-- wp:paragraph --><!-- \/wp:paragraph --><\/p>\n<p><!-- wp:paragraph --><!-- \/wp:paragraph --><\/p>\n<br \/>\n <\/p>\n<hr class=\"veranstaltung\"\/>\n<\/p>\n<h1><a href=\"https:\/\/www.kirche-itzehoe.de\/isg\/events\/musikalischer-gottesdienst-zum-2-weihnachtsfeiertag\/\">Musikalischer Gottesdienst zum 2. Weihnachtstag<\/a><\/h1>\n<p> Freitag, 26. Dezember 2025  \/ 18:00 <br \/>\n St. Laurentii Kirche, Itzehoe<br \/>\n <p><a href=\"http:\/\/www.kirche-itzehoe.de\/isg\/wp-content\/uploads\/2025\/09\/2022-01-02_Weihnachtsbaum-SL-00061_Nikon-scaled.jpg\"><img loading=\"lazy\" decoding=\"async\" class=\"wp-image-15095 alignleft\" src=\"http:\/\/www.kirche-itzehoe.de\/isg\/wp-content\/uploads\/2025\/09\/2022-01-02_Weihnachtsbaum-SL-00061_Nikon-300x199.jpg\" alt=\"\" width=\"230\" height=\"153\" srcset=\"https:\/\/www.kirche-itzehoe.de\/isg\/wp-content\/uploads\/2025\/09\/2022-01-02_Weihnachtsbaum-SL-00061_Nikon-300x199.jpg 300w, https:\/\/www.kirche-itzehoe.de\/isg\/wp-content\/uploads\/2025\/09\/2022-01-02_Weihnachtsbaum-SL-00061_Nikon-1024x680.jpg 1024w, https:\/\/www.kirche-itzehoe.de\/isg\/wp-content\/uploads\/2025\/09\/2022-01-02_Weihnachtsbaum-SL-00061_Nikon-768x510.jpg 768w, https:\/\/www.kirche-itzehoe.de\/isg\/wp-content\/uploads\/2025\/09\/2022-01-02_Weihnachtsbaum-SL-00061_Nikon-1536x1020.jpg 1536w, https:\/\/www.kirche-itzehoe.de\/isg\/wp-content\/uploads\/2025\/09\/2022-01-02_Weihnachtsbaum-SL-00061_Nikon-2048x1360.jpg 2048w\" sizes=\"auto, (max-width: 230px) 100vw, 230px\" \/><\/a>Weihnachtliche Kammermusik f\u00fcr Harfe und Orgel<\/p>\n<p>Sandra Lorenzen, Harfe<br \/>\nDennis Lorenzen, Orgel<\/p>\n<p>Pastorin Dr. Wiebke B\u00e4hnk<\/p>\n<p>&nbsp;<\/p>\n<br \/>\n <\/p>\n<hr class=\"veranstaltung\"\/>\n<\/p>\n<h1><a href=\"https:\/\/www.kirche-itzehoe.de\/isg\/events\/musikalischer-gottesdienst-zum-1-weihnachtstag\/\">Musikalischer Gottesdienst zum 1. Weihnachtstag<\/a><\/h1>\n<p> Donnerstag, 25. Dezember 2025  \/ 10:00 <br \/>\n St. Laurentii Kirche, Itzehoe<br \/>\n <p><a href=\"http:\/\/www.kirche-itzehoe.de\/isg\/wp-content\/uploads\/2025\/09\/2022-01-02_Weihnachtsbaum-SL-00061_Nikon-scaled.jpg\"><img loading=\"lazy\" decoding=\"async\" class=\"alignleft wp-image-15095\" src=\"http:\/\/www.kirche-itzehoe.de\/isg\/wp-content\/uploads\/2025\/09\/2022-01-02_Weihnachtsbaum-SL-00061_Nikon-300x199.jpg\" alt=\"\" width=\"230\" height=\"153\" srcset=\"https:\/\/www.kirche-itzehoe.de\/isg\/wp-content\/uploads\/2025\/09\/2022-01-02_Weihnachtsbaum-SL-00061_Nikon-300x199.jpg 300w, https:\/\/www.kirche-itzehoe.de\/isg\/wp-content\/uploads\/2025\/09\/2022-01-02_Weihnachtsbaum-SL-00061_Nikon-1024x680.jpg 1024w, https:\/\/www.kirche-itzehoe.de\/isg\/wp-content\/uploads\/2025\/09\/2022-01-02_Weihnachtsbaum-SL-00061_Nikon-768x510.jpg 768w, https:\/\/www.kirche-itzehoe.de\/isg\/wp-content\/uploads\/2025\/09\/2022-01-02_Weihnachtsbaum-SL-00061_Nikon-1536x1020.jpg 1536w, https:\/\/www.kirche-itzehoe.de\/isg\/wp-content\/uploads\/2025\/09\/2022-01-02_Weihnachtsbaum-SL-00061_Nikon-2048x1360.jpg 2048w\" sizes=\"auto, (max-width: 230px) 100vw, 230px\" \/><\/a>Weihnachtliche Kammermusik des Barock<\/p>\n<p>Froya Gildberg, Sopran<br \/>\nN\u00f3ra Kiszty, Blockfl\u00f6te<br \/>\nBenjamin Sprick, Violoncello<br \/>\nD\u00f6rthe Landmesser, Orgel<\/p>\n<p>Pastor Matthijs van Zwieten de Blom<\/p>\n<p>&nbsp;<\/p>\n<br \/>\n <\/p>\n<hr class=\"veranstaltung\"\/>\n<\/p>\n<h1><a href=\"https:\/\/www.kirche-itzehoe.de\/isg\/events\/the-joy-of-christmas\/\">The Joy of Christmas<\/a><\/h1>\n<p> Sonntag, 21. Dezember 2025  \/ 17:00 <br \/>\n St. Laurentii Kirche, Itzehoe<br \/>\n <p><a href=\"http:\/\/www.kirche-itzehoe.de\/isg\/wp-content\/uploads\/2025\/11\/161218-Kantorei-007-1280x852-1.jpg\"><img loading=\"lazy\" decoding=\"async\" class=\"alignright wp-image-15278\" src=\"http:\/\/www.kirche-itzehoe.de\/isg\/wp-content\/uploads\/2025\/11\/161218-Kantorei-007-1280x852-1-300x200.jpg\" alt=\"\" width=\"293\" height=\"195\" srcset=\"https:\/\/www.kirche-itzehoe.de\/isg\/wp-content\/uploads\/2025\/11\/161218-Kantorei-007-1280x852-1-300x200.jpg 300w, https:\/\/www.kirche-itzehoe.de\/isg\/wp-content\/uploads\/2025\/11\/161218-Kantorei-007-1280x852-1-1024x682.jpg 1024w, https:\/\/www.kirche-itzehoe.de\/isg\/wp-content\/uploads\/2025\/11\/161218-Kantorei-007-1280x852-1-768x511.jpg 768w, https:\/\/www.kirche-itzehoe.de\/isg\/wp-content\/uploads\/2025\/11\/161218-Kantorei-007-1280x852-1.jpg 1280w\" sizes=\"auto, (max-width: 293px) 100vw, 293px\" \/><\/a>Leonard Bernstein: Chichester Psalms<br \/>\nJohn Rutter: Gloria<br \/>\nChristmas Carols f\u00fcr Chor und Orchester<\/p>\n<p>Jan Bornholdt, Sopran<br \/>\nKinderchor St. Laurentii<br \/>\nChor St. Laurentii<br \/>\nnorddeutsche sinfonietta<\/p>\n<p>Eintritt: 22 \u20ac und 18 \u20ac (I. + II. Kategorie)<br \/>\nSch\u00fcler Eintritt frei. Karten unter <a href=\"https:\/\/www.eventim-light.com\/de\/a\/63fb77cf9cbd7a7e056ccb01\">eventim-light<\/a> (zzgl. Vorverkaufsgeb\u00fchr), im Vorverkauf (Kirchenb\u00fcro) sowie an der Abendkasse.<\/p>\n<br \/>\n <\/p>\n<hr class=\"veranstaltung\"\/>\n<\/p>\n<h1><a href=\"https:\/\/www.kirche-itzehoe.de\/isg\/events\/weihnachtskonzert-des-sophie-scholl-gymnasiums-2\/\">Weihnachtskonzert des Sophie-Scholl-Gymnasiums<\/a><\/h1>\n<p> Donnerstag, 11. Dezember 2025  \/ 19:00 <br \/>\n St. Laurentii Kirche, Itzehoe<br \/>\n <p>Ein stimmungsvolles, weihnachtliches Schulkonzert mit den verschiedenen Schulch\u00f6ren, dem Vororchester und dem SSG-Orchester.<\/p>\n<p>Leitung: Sandra Buschmann<\/p>\n<p>Eintritt: 2,50 \u20ac, Vorverkauf bei B\u00fccher K\u00e4nguruh oder im Sekretariat des SSG<\/p>\n<br \/>\n <\/p>\n<hr class=\"veranstaltung\"\/>\n<\/p>\n<h1><a href=\"https:\/\/www.kirche-itzehoe.de\/isg\/events\/musikalische-vesper-im-advent-ii\/\">Musikalische Vesper im Advent II<\/a><\/h1>\n<p> Mittwoch, 10. Dezember 2025  \/ 18:00 <br \/>\n St. Laurentii Kirche, Itzehoe<br \/>\n <p><a href=\"http:\/\/www.kirche-itzehoe.de\/isg\/wp-content\/uploads\/2023\/09\/20150107-8RU_3496.jpg\"><img loading=\"lazy\" decoding=\"async\" class=\"alignleft wp-image-13208\" src=\"http:\/\/www.kirche-itzehoe.de\/isg\/wp-content\/uploads\/2023\/09\/20150107-8RU_3496-300x196.jpg\" alt=\"\" width=\"253\" height=\"165\" srcset=\"https:\/\/www.kirche-itzehoe.de\/isg\/wp-content\/uploads\/2023\/09\/20150107-8RU_3496-300x196.jpg 300w, https:\/\/www.kirche-itzehoe.de\/isg\/wp-content\/uploads\/2023\/09\/20150107-8RU_3496-1024x671.jpg 1024w, https:\/\/www.kirche-itzehoe.de\/isg\/wp-content\/uploads\/2023\/09\/20150107-8RU_3496-768x503.jpg 768w, https:\/\/www.kirche-itzehoe.de\/isg\/wp-content\/uploads\/2023\/09\/20150107-8RU_3496.jpg 1333w\" sizes=\"auto, (max-width: 253px) 100vw, 253px\" \/><\/a>Musik und Wort in der Adventszeit<\/p>\n<p align=\"LEFT\">Besinnliche Weihnachtsmusik<\/p>\n<p>Itzehoer Blockfl\u00f6tenensemble<br \/>\nD\u00f6rthe Landmesser, Orgel<\/p>\n<p>Pastorin Dr. Wiebke B\u00e4hnk, Lesung<\/p>\n<p>&nbsp;<\/p>\n<br \/>\n <\/p>\n<hr class=\"veranstaltung\"\/>\n<\/p>\n<h1><a href=\"https:\/\/www.kirche-itzehoe.de\/isg\/events\/weihnachtskonzert-des-sophie-scholl-gymnasiums\/\">Weihnachtskonzert des Sophie-Scholl Gymnasiums<\/a><\/h1>\n<p> Dienstag, 9. Dezember 2025  \/ 19:00 <br \/>\n St. Laurentii Kirche, Itzehoe<br \/>\n <p>Ein stimmungsvolles, weihnachtliches Schulkonzert mit den verschiedenen Schulch\u00f6ren, dem Vororchester und dem SSG-Orchester.<\/p>\n<p>Leitung: Sandra Buschmann<\/p>\n<p>Eintritt: 2,50 \u20ac, Vorverkauf bei B\u00fccher K\u00e4nguruh oder im Sekretariat des SSG<\/p>\n<br \/>\n <\/p>\n<hr class=\"veranstaltung\"\/>\n<\/p>\n<h1><a href=\"https:\/\/www.kirche-itzehoe.de\/isg\/events\/musikalische-vesper-im-advent-i\/\">Musikalische Vesper im Advent I<\/a><\/h1>\n<p> Mittwoch, 3. Dezember 2025  \/ 18:00 <br \/>\n St. Laurentii Kirche, Itzehoe<br \/>\n <p><a href=\"http:\/\/www.kirche-itzehoe.de\/isg\/wp-content\/uploads\/2023\/09\/20150107-8RU_3496.jpg\"><img loading=\"lazy\" decoding=\"async\" class=\"alignleft wp-image-13208\" src=\"http:\/\/www.kirche-itzehoe.de\/isg\/wp-content\/uploads\/2023\/09\/20150107-8RU_3496-300x196.jpg\" alt=\"\" width=\"253\" height=\"165\" srcset=\"https:\/\/www.kirche-itzehoe.de\/isg\/wp-content\/uploads\/2023\/09\/20150107-8RU_3496-300x196.jpg 300w, https:\/\/www.kirche-itzehoe.de\/isg\/wp-content\/uploads\/2023\/09\/20150107-8RU_3496-1024x671.jpg 1024w, https:\/\/www.kirche-itzehoe.de\/isg\/wp-content\/uploads\/2023\/09\/20150107-8RU_3496-768x503.jpg 768w, https:\/\/www.kirche-itzehoe.de\/isg\/wp-content\/uploads\/2023\/09\/20150107-8RU_3496.jpg 1333w\" sizes=\"auto, (max-width: 253px) 100vw, 253px\" \/><\/a>Musik und Wort in der Adventszeit<\/p>\n<p align=\"LEFT\">Musik des Barock von Johann Joachim Quantz<\/p>\n<p align=\"LEFT\">Kirstin Heiden, Blockfl\u00f6te<br \/>\nSabine Schulte-Bock, Querfl\u00f6te<br \/>\nD\u00f6rthe Landmesser, Orgel<\/p>\n<p>Pastor Matthijs van Zwieten de Blom, Lesung<\/p>\n<br \/>\n <\/p>\n<hr class=\"veranstaltung\"\/>\n<\/p>\n<h1><a href=\"https:\/\/www.kirche-itzehoe.de\/isg\/events\/weihnachtskonzert-der-kaiser-karl-schule\/\">Weihnachtskonzert der Kaiser-Karl-Schule<\/a><\/h1>\n<p> Dienstag, 2. Dezember 2025  \/ 18:30 <br \/>\n St. Laurentii Kirche, Itzehoe<br \/>\n <p><a href=\"http:\/\/www.kirche-itzehoe.de\/isg\/wp-content\/uploads\/2025\/01\/KKS.jpg\"><img loading=\"lazy\" decoding=\"async\" class=\"alignright wp-image-14544\" src=\"http:\/\/www.kirche-itzehoe.de\/isg\/wp-content\/uploads\/2025\/01\/KKS.jpg\" alt=\"\" width=\"90\" height=\"126\" \/><\/a>Ch\u00f6re, Orchester und Band der Kaiser-Karl-Schule pr\u00e4sentieren ein viel\u00adf\u00e4ltiges musikalisches Pro\u00adgramm.<\/p>\n<p>Leitung: Amelie Birkner, Eva Sachse, Gabriele Schmitz<\/p>\n<p>Eintritt frei<\/p>\n<br \/>\n <\/p>\n<hr class=\"veranstaltung\"\/>\n<\/p>\n<h1><a href=\"https:\/\/www.kirche-itzehoe.de\/isg\/events\/stern-ueber-itzehoe-adventssingen\/\">Stern \u00fcber Itzehoe - Adventssingen<\/a><\/h1>\n<p> Samstag, 29. November 2025  \/ 16:00 <br \/>\n St. Laurentii Kirche, Itzehoe<br \/>\n <p><a href=\"http:\/\/www.kirche-itzehoe.de\/isg\/wp-content\/uploads\/2023\/06\/Kirchturm-mit-Stern-2A-scaled.jpg\"><img loading=\"lazy\" decoding=\"async\" class=\"alignleft  wp-image-13200\" src=\"http:\/\/www.kirche-itzehoe.de\/isg\/wp-content\/uploads\/2023\/06\/Kirchturm-mit-Stern-2A-199x300.jpg\" alt=\"\" width=\"127\" height=\"192\" srcset=\"https:\/\/www.kirche-itzehoe.de\/isg\/wp-content\/uploads\/2023\/06\/Kirchturm-mit-Stern-2A-199x300.jpg 199w, https:\/\/www.kirche-itzehoe.de\/isg\/wp-content\/uploads\/2023\/06\/Kirchturm-mit-Stern-2A-678x1024.jpg 678w, https:\/\/www.kirche-itzehoe.de\/isg\/wp-content\/uploads\/2023\/06\/Kirchturm-mit-Stern-2A-768x1160.jpg 768w, https:\/\/www.kirche-itzehoe.de\/isg\/wp-content\/uploads\/2023\/06\/Kirchturm-mit-Stern-2A-1017x1536.jpg 1017w, https:\/\/www.kirche-itzehoe.de\/isg\/wp-content\/uploads\/2023\/06\/Kirchturm-mit-Stern-2A-1356x2048.jpg 1356w, https:\/\/www.kirche-itzehoe.de\/isg\/wp-content\/uploads\/2023\/06\/Kirchturm-mit-Stern-2A-scaled.jpg 1695w\" sizes=\"auto, (max-width: 127px) 100vw, 127px\" \/><\/a>Mit der Erleuchtung des Herrnhuter Sterns in der Turmkuppel am Samstag vor dem 1. Advent laden der Posaunenchor und die Blockfl\u00f6tenkreise der Innenstadtgemeinde ein zum gemeinsamen Singen und Musizieren der sch\u00f6nsten Adventslieder.<\/p>\n<p>Im Anschluss bietet der Freundeskreis St. Laurentii und Kloster Itzehoe e.V. Punsch und K\u00f6stlichkeiten bei Kerzenschein an. Genie\u00dfen Sie in einer Turmbesteigung den Blick auf Itzehoe im Glanz der Lichter! Der Eintritt ist frei.<\/p>\n<br \/>\n <\/p>\n<hr class=\"veranstaltung\"\/>\n<\/p>\n<h1><a href=\"https:\/\/www.kirche-itzehoe.de\/isg\/events\/wachet-auf-konzert-zum-totengedenken\/\">Wachet auf! - Konzert zum Totengedenken<\/a><\/h1>\n<p> Sonntag, 23. November 2025  \/ 18:00 <br \/>\n St. Laurentii Kirche, Itzehoe<br \/>\n <p><a href=\"http:\/\/www.kirche-itzehoe.de\/isg\/wp-content\/uploads\/2022\/08\/Brahms-D.-Lorenzen.jpg\"><img loading=\"lazy\" decoding=\"async\" class=\"alignright wp-image-15116\" src=\"http:\/\/www.kirche-itzehoe.de\/isg\/wp-content\/uploads\/2022\/08\/Brahms-D.-Lorenzen-300x200.jpg\" alt=\"\" width=\"293\" height=\"195\" srcset=\"https:\/\/www.kirche-itzehoe.de\/isg\/wp-content\/uploads\/2022\/08\/Brahms-D.-Lorenzen-300x200.jpg 300w, https:\/\/www.kirche-itzehoe.de\/isg\/wp-content\/uploads\/2022\/08\/Brahms-D.-Lorenzen-1024x684.jpg 1024w, https:\/\/www.kirche-itzehoe.de\/isg\/wp-content\/uploads\/2022\/08\/Brahms-D.-Lorenzen-768x513.jpg 768w, https:\/\/www.kirche-itzehoe.de\/isg\/wp-content\/uploads\/2022\/08\/Brahms-D.-Lorenzen.jpg 1228w\" sizes=\"auto, (max-width: 293px) 100vw, 293px\" \/><\/a>J.S. Bach: Kantaten \u201eAch wie fl\u00fcchtig, ach wie nichtig\u201c und \u201eWachet auf, ruft uns die Stimme\u201c<br \/>\nD. Buxtehude: Kantate \u201eHerzlich lieb hab ich dich\u201c<br \/>\nOrchester-Sinfonien aus Bachkantaten<\/p>\n<p>Santa Karnite, Sopran<br \/>\nJuliane Sandberger, Alt<br \/>\nMichael Connaire, Tenor<br \/>\nS\u00f6nke Tams Freier, Bass<\/p>\n<p>Chor und Orchester St. Laurentii<br \/>\nLeitung: D\u00f6rthe Landmesser<\/p>\n<p>Eintritt: 15 \u20ac, Sch\u00fcler Eintritt frei.<\/p>\n<p>Karten unter <a href=\"https:\/\/www.eventim-light.com\/de\/a\/63fb77cf9cbd7a7e056ccb01\">eventim-light<\/a> (zzgl. Vorverkaufsgeb\u00fchr), im Vorverkauf (Kirchenb\u00fcro) sowie an der Abendkasse.<\/p>\n<br \/>\n <\/p>\n<hr class=\"veranstaltung\"\/>\n<\/p>\n<h1><a href=\"https:\/\/www.kirche-itzehoe.de\/isg\/events\/musikalischer-gottesdienst-zum-totensonntag\/\">Musikalischer Gottesdienst zum Totensonntag<\/a><\/h1>\n<p> Sonntag, 23. November 2025  \/ 10:00 <br \/>\n St. Laurentii Kirche, Itzehoe<br \/>\n <p><a href=\"http:\/\/www.kirche-itzehoe.de\/isg\/wp-content\/uploads\/2025\/09\/5298e2b3-cae3-4dac-bd6b-ff15157ec6bd.jpg\"><img loading=\"lazy\" decoding=\"async\" class=\"wp-image-15144 alignleft\" src=\"http:\/\/www.kirche-itzehoe.de\/isg\/wp-content\/uploads\/2025\/09\/5298e2b3-cae3-4dac-bd6b-ff15157ec6bd-300x281.jpg\" alt=\"\" width=\"141\" height=\"132\" srcset=\"https:\/\/www.kirche-itzehoe.de\/isg\/wp-content\/uploads\/2025\/09\/5298e2b3-cae3-4dac-bd6b-ff15157ec6bd-300x281.jpg 300w, https:\/\/www.kirche-itzehoe.de\/isg\/wp-content\/uploads\/2025\/09\/5298e2b3-cae3-4dac-bd6b-ff15157ec6bd-768x719.jpg 768w, https:\/\/www.kirche-itzehoe.de\/isg\/wp-content\/uploads\/2025\/09\/5298e2b3-cae3-4dac-bd6b-ff15157ec6bd.jpg 953w\" sizes=\"auto, (max-width: 141px) 100vw, 141px\" \/><\/a>Musikalischer Gottesdienst am Totensonntag mit Musik von Johann Sebastian und Georg Friedrich H\u00e4ndel<\/p>\n<p>Marlen Hachmann, Sopran<br \/>\nFriederike K\u00f6hnke, Barockoboe<br \/>\nD\u00f6rthe Landmesser, Orgel<\/p>\n<p>Pastorin Dr. Wiebke B\u00e4hnk und Pastor Matthijs van Zwieten de Blom<\/p>\n<br \/>\n <\/p>\n<hr class=\"veranstaltung\"\/>\n<\/p>\n<h1><a href=\"https:\/\/www.kirche-itzehoe.de\/isg\/events\/johann-sebastian-bach-johannespassion\/\">Johann Sebastian Bach: Johannespassion<\/a><\/h1>\n<p> Sonntag, 6. April 2025  \/ 18:00 <br \/>\n St. Laurentii Kirche, Itzehoe<br \/>\n <p>Clara Steuerwald Sievers, Sopran<br \/>\nGenevi\u00e8ve Tschumi, Alt<br \/>\nFlorian Sievers, Tenor<br \/>\nS\u00f6nke Tams Freier, Bass<br \/>\nKonstantin Heintel, Bass (Christus)<\/p>\n<p>Elbipolis Barockorchester<br \/>\nChor St. Laurentii<br \/>\nLeitung: D\u00f6rthe Landmesser<\/p>\n<p>Eintritt: 20 \u20ac und 16 \u20ac (I. + II. Kategorie), Sch\u00fcler Eintritt frei.<br \/>\nKarten unter\u00a0<a href=\"https:\/\/www.eventim-light.com\/de\/a\/63fb77cf9cbd7a7e056ccb01\">eventim-light<\/a>\u00a0(zzgl. Vorverkaufsgeb\u00fchr), im Vorverkauf (Kirchenb\u00fcro) sowie an der Abendkasse.<\/p>\n<br \/>\n <img src='https:\/\/www.kirche-itzehoe.de\/isg\/wp-content\/uploads\/2017\/10\/IMG_1479-001-beschnitten-scaled.jpg' alt='Johann Sebastian Bach: Johannespassion'\/><\/p>\n<hr class=\"veranstaltung\"\/>\n\t<\/div>\r\n<\/div>\n","protected":false},"excerpt":{"rendered":"","protected":false},"author":2,"featured_media":0,"parent":56,"menu_order":0,"comment_status":"closed","ping_status":"closed","template":"","meta":{"_acf_changed":false,"footnotes":""},"class_list":["post-1326","page","type-page","status-publish","hentry"],"acf":[],"_links":{"self":[{"href":"https:\/\/www.kirche-itzehoe.de\/isg\/wp-json\/wp\/v2\/pages\/1326","targetHints":{"allow":["GET"]}}],"collection":[{"href":"https:\/\/www.kirche-itzehoe.de\/isg\/wp-json\/wp\/v2\/pages"}],"about":[{"href":"https:\/\/www.kirche-itzehoe.de\/isg\/wp-json\/wp\/v2\/types\/page"}],"author":[{"embeddable":true,"href":"https:\/\/www.kirche-itzehoe.de\/isg\/wp-json\/wp\/v2\/users\/2"}],"replies":[{"embeddable":true,"href":"https:\/\/www.kirche-itzehoe.de\/isg\/wp-json\/wp\/v2\/comments?post=1326"}],"version-history":[{"count":13,"href":"https:\/\/www.kirche-itzehoe.de\/isg\/wp-json\/wp\/v2\/pages\/1326\/revisions"}],"predecessor-version":[{"id":15345,"href":"https:\/\/www.kirche-itzehoe.de\/isg\/wp-json\/wp\/v2\/pages\/1326\/revisions\/15345"}],"up":[{"embeddable":true,"href":"https:\/\/www.kirche-itzehoe.de\/isg\/wp-json\/wp\/v2\/pages\/56"}],"wp:attachment":[{"href":"https:\/\/www.kirche-itzehoe.de\/isg\/wp-json\/wp\/v2\/media?parent=1326"}],"curies":[{"name":"wp","href":"https:\/\/api.w.org\/{rel}","templated":true}]}}